{"id":9,"date":"2023-10-03T12:59:54","date_gmt":"2023-10-03T10:59:54","guid":{"rendered":"http:\/\/tauli.cat\/sabadellgentgran\/?page_id=9"},"modified":"2025-10-28T12:12:14","modified_gmt":"2025-10-28T11:12:14","slug":"inici","status":"publish","type":"page","link":"https:\/\/tauli.cat\/sabadellgentgran\/","title":{"rendered":"Inici"},"content":{"rendered":"<section class=\"wpb-content-wrapper\"><p>[vc_row bg_type=\u00bbhosted_video\u00bb bg_image=\u00bb19&#8243; pattern_overlay=\u00bbyes\u00bb color_overlay=\u00bbprimary-1&#8243; opacity_overlay=\u00bb40&#8243; bg_video_mp4=\u00bbhttps:\/\/tauli.cat\/sabadellgentgran\/wp-content\/uploads\/2024\/11\/SGG_portada-web-2024.mp4&#8243; padding_top=\u00bb170px\u00bb padding_bottom=\u00bb200px\u00bb margin_bottom=\u00bb50px\u00bb][vc_column width=\u00bb1\/3&#8243;]<div class=\"eut-element eut-counter eut-align-center counter\" style=\"\">  <div class=\"eut-counter-icon\">  <i class=\"fas fa-users eut-color-white eut-medium\"><\/i>  <\/div>  <div class=\"eut-counter-content\">    <div class=\"eut-counter-item eut-color-white eut-small\">      <span data-thousands-separator-vis=\"\" data-thousands-separator=\",\" data-prefix=\"\" data-suffix=\"\" data-start-val=\"0\" data-end-val=\"500\" data-decimal-points=\"0\" data-decimal-separator=\".\">0<\/span>    <\/div>\t<h3 class=\"eut-counter-title\">Persones confien en nosaltres<\/h3>  <\/div><\/div>[\/vc_column][vc_column width=\u00bb1\/3&#8243;]<div class=\"eut-element eut-counter eut-align-center counter\" style=\"\">  <div class=\"eut-counter-icon\">  <i class=\"fas fa-user-nurse eut-color-white eut-medium\"><\/i>  <\/div>  <div class=\"eut-counter-content\">    <div class=\"eut-counter-item eut-color-white eut-small\">      <span data-thousands-separator-vis=\"\" data-thousands-separator=\",\" data-prefix=\"\" data-suffix=\"\" data-start-val=\"0\" data-end-val=\"1200\" data-decimal-points=\"0\" data-decimal-separator=\".\">0<\/span>    <\/div>\t<h3 class=\"eut-counter-title\">Professionals<\/h3>  <\/div><\/div>[\/vc_column][vc_column width=\u00bb1\/3&#8243;]<div class=\"eut-element eut-counter eut-align-center counter\" style=\"\">  <div class=\"eut-counter-icon\">  <i class=\"fas fa-hospital-alt eut-color-white eut-medium\"><\/i>  <\/div>  <div class=\"eut-counter-content\">    <div class=\"eut-counter-item eut-color-white eut-small\">      <span data-thousands-separator-vis=\"\" data-thousands-separator=\",\" data-prefix=\"\" data-suffix=\"\" data-start-val=\"0\" data-end-val=\"9\" data-decimal-points=\"0\" data-decimal-separator=\".\">0<\/span>    <\/div>\t<h3 class=\"eut-counter-title\">\u00c0rees diferents<\/h3>  <\/div><\/div>[\/vc_column][\/vc_row][vc_row][vc_column css=\u00bb.vc_custom_1695205294496{margin-bottom: 4rem !important;}\u00bb]<h1 class=\"eut-element eut-align-center eut-title-line eut-animated-item eut-fadeInDown\" style=\"\" data-delay=\"200\"><span>Vetllem per la salut de la gent gran<\/span><\/h1>[\/vc_column][\/vc_row][vc_row section_id=\u00bbserveis\u00bb margin_bottom=\u00bb4rem\u00bb][vc_column]<h2 class=\"eut-element eut-align-left eut-title-no-line\" style=\"margin-bottom: 2rem;\"><span>Coneix els nostres serveis<\/span><\/h2>[vc_row_inner][vc_column_inner width=\u00bb1\/3&#8243;]<div class=\"eut-element eut-box eut-align-center media\" style=\"\"><div class=\"eut-media\"><a href=\"http:\/\/tauli.cat\/sabadellgentgran\/allotjaments-residencials\/\" target=\"_self\"><img loading=\"lazy\" decoding=\"async\" width=\"1600\" height=\"1067\" src=\"https:\/\/tauli.cat\/sabadellgentgran\/wp-content\/uploads\/2023\/10\/mujer-joven-que-lleva-cabo-mano-mujer-mayor.jpg\" class=\"attachment-full size-full\" alt=\"\" srcset=\"https:\/\/tauli.cat\/sabadellgentgran\/wp-content\/uploads\/2023\/10\/mujer-joven-que-lleva-cabo-mano-mujer-mayor.jpg 1600w, https:\/\/tauli.cat\/sabadellgentgran\/wp-content\/uploads\/2023\/10\/mujer-joven-que-lleva-cabo-mano-mujer-mayor-300x200.jpg 300w, https:\/\/tauli.cat\/sabadellgentgran\/wp-content\/uploads\/2023\/10\/mujer-joven-que-lleva-cabo-mano-mujer-mayor-1024x683.jpg 1024w, https:\/\/tauli.cat\/sabadellgentgran\/wp-content\/uploads\/2023\/10\/mujer-joven-que-lleva-cabo-mano-mujer-mayor-768x512.jpg 768w, https:\/\/tauli.cat\/sabadellgentgran\/wp-content\/uploads\/2023\/10\/mujer-joven-que-lleva-cabo-mano-mujer-mayor-1536x1024.jpg 1536w\" sizes=\"(max-width: 1600px) 100vw, 1600px\" \/><\/a><\/div>  <div class=\"eut-box-content\">    <p>Allotjaments residencials<\/p>  <\/div><\/div>[\/vc_column_inner][vc_column_inner width=\u00bb1\/3&#8243;]<div class=\"eut-element eut-box eut-align-center media\" style=\"\"><div class=\"eut-media\"><a href=\"http:\/\/tauli.cat\/sabadellgentgran\/apartaments\/\" target=\"_self\"><img loading=\"lazy\" decoding=\"async\" width=\"1600\" height=\"1067\" src=\"https:\/\/tauli.cat\/sabadellgentgran\/wp-content\/uploads\/2023\/10\/ancianos-hogar-ancianos.jpg\" class=\"attachment-full size-full\" alt=\"\" srcset=\"https:\/\/tauli.cat\/sabadellgentgran\/wp-content\/uploads\/2023\/10\/ancianos-hogar-ancianos.jpg 1600w, https:\/\/tauli.cat\/sabadellgentgran\/wp-content\/uploads\/2023\/10\/ancianos-hogar-ancianos-300x200.jpg 300w, https:\/\/tauli.cat\/sabadellgentgran\/wp-content\/uploads\/2023\/10\/ancianos-hogar-ancianos-1024x683.jpg 1024w, https:\/\/tauli.cat\/sabadellgentgran\/wp-content\/uploads\/2023\/10\/ancianos-hogar-ancianos-768x512.jpg 768w, https:\/\/tauli.cat\/sabadellgentgran\/wp-content\/uploads\/2023\/10\/ancianos-hogar-ancianos-1536x1024.jpg 1536w\" sizes=\"(max-width: 1600px) 100vw, 1600px\" \/><\/a><\/div>  <div class=\"eut-box-content\">    <p>Apartaments<\/p>  <\/div><\/div>[\/vc_column_inner][vc_column_inner width=\u00bb1\/3&#8243;]<div class=\"eut-element eut-box eut-align-center media\" style=\"\"><div class=\"eut-media\"><a href=\"https:\/\/tauli.cat\/sabadellgentgran\/centre-datencio-diurna\/\" target=\"_self\"><img loading=\"lazy\" decoding=\"async\" width=\"1800\" height=\"1200\" src=\"https:\/\/tauli.cat\/sabadellgentgran\/wp-content\/uploads\/2023\/10\/17.jpg\" class=\"attachment-full size-full\" alt=\"\" srcset=\"https:\/\/tauli.cat\/sabadellgentgran\/wp-content\/uploads\/2023\/10\/17.jpg 1800w, https:\/\/tauli.cat\/sabadellgentgran\/wp-content\/uploads\/2023\/10\/17-300x200.jpg 300w, https:\/\/tauli.cat\/sabadellgentgran\/wp-content\/uploads\/2023\/10\/17-1024x683.jpg 1024w, https:\/\/tauli.cat\/sabadellgentgran\/wp-content\/uploads\/2023\/10\/17-768x512.jpg 768w, https:\/\/tauli.cat\/sabadellgentgran\/wp-content\/uploads\/2023\/10\/17-1536x1024.jpg 1536w\" sizes=\"(max-width: 1800px) 100vw, 1800px\" \/><\/a><\/div>  <div class=\"eut-box-content\">    <p>Centre d&#8217;Atenci\u00f3 Di\u00fcrna<\/p>  <\/div><\/div>[\/vc_column_inner][\/vc_row_inner][vc_row_inner css=\u00bb.vc_custom_1695206746502{margin-top: 4rem !important;}\u00bb][vc_column_inner width=\u00bb1\/3&#8243;]<div class=\"eut-element eut-box eut-align-center media\" style=\"\"><div class=\"eut-media\"><a href=\"https:\/\/tauli.cat\/sabadellgentgran\/club\/\" target=\"_self\"><img loading=\"lazy\" decoding=\"async\" width=\"1800\" height=\"1200\" src=\"https:\/\/tauli.cat\/sabadellgentgran\/wp-content\/uploads\/2023\/10\/3.jpg\" class=\"attachment-full size-full\" alt=\"\" srcset=\"https:\/\/tauli.cat\/sabadellgentgran\/wp-content\/uploads\/2023\/10\/3.jpg 1800w, https:\/\/tauli.cat\/sabadellgentgran\/wp-content\/uploads\/2023\/10\/3-300x200.jpg 300w, https:\/\/tauli.cat\/sabadellgentgran\/wp-content\/uploads\/2023\/10\/3-1024x683.jpg 1024w, https:\/\/tauli.cat\/sabadellgentgran\/wp-content\/uploads\/2023\/10\/3-768x512.jpg 768w, https:\/\/tauli.cat\/sabadellgentgran\/wp-content\/uploads\/2023\/10\/3-1536x1024.jpg 1536w\" sizes=\"(max-width: 1800px) 100vw, 1800px\" \/><\/a><\/div>  <div class=\"eut-box-content\">    <p>Club<\/p>  <\/div><\/div>[\/vc_column_inner][vc_column_inner width=\u00bb1\/3&#8243;]<div class=\"eut-element eut-box eut-align-center media\" style=\"\"><div class=\"eut-media\"><a href=\"https:\/\/tauli.cat\/sabadellgentgran\/tauli-aprop\/\" target=\"_self\"><img loading=\"lazy\" decoding=\"async\" width=\"1800\" height=\"1200\" src=\"https:\/\/tauli.cat\/sabadellgentgran\/wp-content\/uploads\/2023\/10\/18.jpg\" class=\"attachment-full size-full\" alt=\"\" srcset=\"https:\/\/tauli.cat\/sabadellgentgran\/wp-content\/uploads\/2023\/10\/18.jpg 1800w, https:\/\/tauli.cat\/sabadellgentgran\/wp-content\/uploads\/2023\/10\/18-300x200.jpg 300w, https:\/\/tauli.cat\/sabadellgentgran\/wp-content\/uploads\/2023\/10\/18-1024x683.jpg 1024w, https:\/\/tauli.cat\/sabadellgentgran\/wp-content\/uploads\/2023\/10\/18-768x512.jpg 768w, https:\/\/tauli.cat\/sabadellgentgran\/wp-content\/uploads\/2023\/10\/18-1536x1024.jpg 1536w\" sizes=\"(max-width: 1800px) 100vw, 1800px\" \/><\/a><\/div>  <div class=\"eut-box-content\">    <p>Taul\u00ed Aprop<\/p>  <\/div><\/div>[\/vc_column_inner][vc_column_inner width=\u00bb1\/3&#8243;]<div class=\"eut-element eut-box eut-align-center media\" style=\"\"><div class=\"eut-media\"><a href=\"http:\/\/tauli.cat\/sabadellgentgran\/serveis-complementaris\/\" target=\"_self\"><img loading=\"lazy\" decoding=\"async\" width=\"1800\" height=\"1200\" src=\"https:\/\/tauli.cat\/sabadellgentgran\/wp-content\/uploads\/2023\/10\/2.jpg\" class=\"attachment-full size-full\" alt=\"\" srcset=\"https:\/\/tauli.cat\/sabadellgentgran\/wp-content\/uploads\/2023\/10\/2.jpg 1800w, https:\/\/tauli.cat\/sabadellgentgran\/wp-content\/uploads\/2023\/10\/2-300x200.jpg 300w, https:\/\/tauli.cat\/sabadellgentgran\/wp-content\/uploads\/2023\/10\/2-1024x683.jpg 1024w, https:\/\/tauli.cat\/sabadellgentgran\/wp-content\/uploads\/2023\/10\/2-768x512.jpg 768w, https:\/\/tauli.cat\/sabadellgentgran\/wp-content\/uploads\/2023\/10\/2-1536x1024.jpg 1536w\" sizes=\"(max-width: 1800px) 100vw, 1800px\" \/><\/a><\/div>  <div class=\"eut-box-content\">    <p>Serveis complementaris<\/p>  <\/div><\/div>[\/vc_column_inner][\/vc_row_inner][\/vc_column][\/vc_row][vc_row margin_bottom=\u00bb4rem\u00bb][vc_column][vc_row_inner][vc_column_inner width=\u00bb1\/4&#8243;][\/vc_column_inner][vc_column_inner width=\u00bb1\/2&#8243;]<h2 class=\"eut-element eut-align-left eut-title-no-line eut-animated-item eut-fadeInUp\" style=\"margin-bottom: 2rem;\" data-delay=\"200\"><span>Rodal d'horts urbans de Sabadell<\/span><\/h2>[\/vc_column_inner][vc_column_inner width=\u00bb1\/4&#8243;][\/vc_column_inner][\/vc_row_inner][vc_row_inner][vc_column_inner width=\u00bb1\/3&#8243;][vc_column_text]<span data-teams=\"true\">Us ensenyem el nostre hortet; Punt de trobada i relaci\u00f3 social, contacte amb la natura i un entorn saludable, ter\u00e0pia i estimulaci\u00f3 cognitiva per als nostres residents.\u00a0<\/span>[\/vc_column_text][\/vc_column_inner][vc_column_inner width=\u00bb2\/3&#8243;][vc_raw_html]JTNDaWZyYW1lJTIwd2lkdGglM0QlMjI1NjAlMjIlMjBoZWlnaHQlM0QlMjIzMTUlMjIlMjBzcmMlM0QlMjJodHRwcyUzQSUyRiUyRnd3dy55b3V0dWJlLmNvbSUyRmVtYmVkJTJGLVRhcjd5dVNhV1klM0ZzaSUzRGYxa0dNdHhkblhtT2wzQkUlMjZhbXAlM0JzdGFydCUzRDExMCUyMiUyMHRpdGxlJTNEJTIyWW91VHViZSUyMHZpZGVvJTIwcGxheWVyJTIyJTIwZnJhbWVib3JkZXIlM0QlMjIwJTIyJTIwYWxsb3clM0QlMjJhY2NlbGVyb21ldGVyJTNCJTIwYXV0b3BsYXklM0IlMjBjbGlwYm9hcmQtd3JpdGUlM0IlMjBlbmNyeXB0ZWQtbWVkaWElM0IlMjBneXJvc2NvcGUlM0IlMjBwaWN0dXJlLWluLXBpY3R1cmUlM0IlMjB3ZWItc2hhcmUlMjIlMjByZWZlcnJlcnBvbGljeSUzRCUyMnN0cmljdC1vcmlnaW4td2hlbi1jcm9zcy1vcmlnaW4lMjIlMjBhbGxvd2Z1bGxzY3JlZW4lM0UlM0MlMkZpZnJhbWUlM0U=[\/vc_raw_html][\/vc_column_inner][\/vc_row_inner][\/vc_column][\/vc_row][vc_row][vc_column][vc_row_inner][vc_column_inner width=\u00bb1\/4&#8243;][\/vc_column_inner][vc_column_inner width=\u00bb1\/2&#8243;]<h2 class=\"eut-element eut-align-left eut-title-no-line eut-animated-item eut-fadeInUp\" style=\"margin-bottom: 2rem;\" data-delay=\"200\"><span>Ter\u00e0pies no farmacol\u00f2giques<\/span><\/h2>[\/vc_column_inner][vc_column_inner width=\u00bb1\/4&#8243;][\/vc_column_inner][\/vc_row_inner][vc_row_inner][vc_column_inner width=\u00bb1\/3&#8243;][vc_column_text]<span data-teams=\"true\">A Sabadell Gent Gran oferim ter\u00e0pies per a persones amb deteriorament cognitiu moderat i greu. Les ter\u00e0pies no farmacol\u00f2giques estimulen i mentenen les capacitats funcionals, f\u00edsiques \u00a0i cognitives dels nostres residents. Activitats com les mascotes robot, el Broomx o la Dualebike en son un exemple.\u00a0<\/span>[\/vc_column_text][\/vc_column_inner][vc_column_inner width=\u00bb2\/3&#8243;][vc_raw_html]JTNDaWZyYW1lJTIwd2lkdGglM0QlMjI1NjAlMjIlMjBoZWlnaHQlM0QlMjIzMTUlMjIlMjBzcmMlM0QlMjJodHRwcyUzQSUyRiUyRnd3dy55b3V0dWJlLmNvbSUyRmVtYmVkJTJGcjdIaHdhSDNKR0ElM0ZzaSUzRHRtZUZXc2FwUlZiZWpFdV8lMjIlMjB0aXRsZSUzRCUyMllvdVR1YmUlMjB2aWRlbyUyMHBsYXllciUyMiUyMGZyYW1lYm9yZGVyJTNEJTIyMCUyMiUyMGFsbG93JTNEJTIyYWNjZWxlcm9tZXRlciUzQiUyMGF1dG9wbGF5JTNCJTIwY2xpcGJvYXJkLXdyaXRlJTNCJTIwZW5jcnlwdGVkLW1lZGlhJTNCJTIwZ3lyb3Njb3BlJTNCJTIwcGljdHVyZS1pbi1waWN0dXJlJTNCJTIwd2ViLXNoYXJlJTIyJTIwcmVmZXJyZXJwb2xpY3klM0QlMjJzdHJpY3Qtb3JpZ2luLXdoZW4tY3Jvc3Mtb3JpZ2luJTIyJTIwYWxsb3dmdWxsc2NyZWVuJTNFJTNDJTJGaWZyYW1lJTNF[\/vc_raw_html][\/vc_column_inner][\/vc_row_inner][\/vc_column][\/vc_row]<\/p>\n<\/section>","protected":false},"excerpt":{"rendered":"<p>[vc_row bg_type=\u00bbhosted_video\u00bb bg_image=\u00bb19&#8243; pattern_overlay=\u00bbyes\u00bb color_overlay=\u00bbprimary-1&#8243; opacity_overlay=\u00bb40&#8243; bg_video_mp4=\u00bbhttps:\/\/tauli.cat\/sabadellgentgran\/wp-content\/uploads\/2024\/11\/SGG_portada-web-2024.mp4&#8243; padding_top=\u00bb170px\u00bb padding_bottom=\u00bb200px\u00bb margin_bottom=\u00bb50px\u00bb][vc_column width=\u00bb1\/3&#8243;][\/vc_column][vc_column width=\u00bb1\/3&#8243;][\/vc_column][vc_column width=\u00bb1\/3&#8243;][\/vc_column][\/vc_row][vc_row][vc_column css=\u00bb.vc_custom_1695205294496{margin-bottom: 4rem !important;}\u00bb][\/vc_column][\/vc_row][vc_row section_id=\u00bbserveis\u00bb margin_bottom=\u00bb4rem\u00bb][vc_column][vc_row_inner][vc_column_inner width=\u00bb1\/3&#8243;][\/vc_column_inner][vc_column_inner width=\u00bb1\/3&#8243;][\/vc_column_inner][vc_column_inner width=\u00bb1\/3&#8243;][\/vc_column_inner][\/vc_row_inner][vc_row_inner css=\u00bb.vc_custom_1695206746502{margin-top: 4rem !important;}\u00bb][vc_column_inner width=\u00bb1\/3&#8243;][\/vc_column_inner][vc_column_inner width=\u00bb1\/3&#8243;][\/vc_column_inner][vc_column_inner width=\u00bb1\/3&#8243;][\/vc_column_inner][\/vc_row_inner][\/vc_column][\/vc_row][vc_row margin_bottom=\u00bb4rem\u00bb][vc_column][vc_row_inner][vc_column_inner width=\u00bb1\/4&#8243;][\/vc_column_inner][vc_column_inner width=\u00bb1\/2&#8243;][\/vc_column_inner][vc_column_inner width=\u00bb1\/4&#8243;][\/vc_column_inner][\/vc_row_inner][vc_row_inner][vc_column_inner width=\u00bb1\/3&#8243;][vc_column_text]Us ensenyem el nostre hortet; Punt de trobada i relaci\u00f3 social, contacte amb la natura i un entorn saludable, ter\u00e0pia i estimulaci\u00f3 cognitiva per [&hellip;]<\/p>\n","protected":false},"author":1,"featured_media":0,"parent":0,"menu_order":0,"comment_status":"closed","ping_status":"closed","template":"","meta":{"footnotes":""},"class_list":["post-9","page","type-page","status-publish","hentry"],"_links":{"self":[{"href":"https:\/\/tauli.cat\/sabadellgentgran\/wp-json\/wp\/v2\/pages\/9"}],"collection":[{"href":"https:\/\/tauli.cat\/sabadellgentgran\/wp-json\/wp\/v2\/pages"}],"about":[{"href":"https:\/\/tauli.cat\/sabadellgentgran\/wp-json\/wp\/v2\/types\/page"}],"author":[{"embeddable":true,"href":"https:\/\/tauli.cat\/sabadellgentgran\/wp-json\/wp\/v2\/users\/1"}],"replies":[{"embeddable":true,"href":"https:\/\/tauli.cat\/sabadellgentgran\/wp-json\/wp\/v2\/comments?post=9"}],"version-history":[{"count":32,"href":"https:\/\/tauli.cat\/sabadellgentgran\/wp-json\/wp\/v2\/pages\/9\/revisions"}],"predecessor-version":[{"id":434,"href":"https:\/\/tauli.cat\/sabadellgentgran\/wp-json\/wp\/v2\/pages\/9\/revisions\/434"}],"wp:attachment":[{"href":"https:\/\/tauli.cat\/sabadellgentgran\/wp-json\/wp\/v2\/media?parent=9"}],"curies":[{"name":"wp","href":"https:\/\/api.w.org\/{rel}","templated":true}]}}